{"id":179,"date":"2021-03-26T22:17:18","date_gmt":"2021-03-26T21:17:18","guid":{"rendered":"http:\/\/www.revue-salariat.fr\/?page_id=179"},"modified":"2025-03-31T10:05:33","modified_gmt":"2025-03-31T08:05:33","slug":"revue-salariat-2021","status":"publish","type":"page","link":"https:\/\/www.revue-salariat.fr\/index.php\/revue-salariat-2021\/","title":{"rendered":"Revue Salariat n\u00b01 &#8211; 2022"},"content":{"rendered":"\n<figure class=\"wp-block-image size-full is-resized\"><img loading=\"lazy\" decoding=\"async\" width=\"444\" height=\"678\" src=\"http:\/\/www.revue-salariat.fr\/wp-content\/uploads\/2023\/12\/couv-n\u00b01.png\" alt=\"\" class=\"wp-image-1136\" style=\"width:201px;height:308px\" srcset=\"https:\/\/www.revue-salariat.fr\/wp-content\/uploads\/2023\/12\/couv-n\u00b01.png 444w, https:\/\/www.revue-salariat.fr\/wp-content\/uploads\/2023\/12\/couv-n\u00b01-196x300.png 196w\" sizes=\"auto, (max-width: 444px) 100vw, 444px\" \/><\/figure>\n\n\n\n<div class=\"wp-block-buttons has-custom-font-size has-small-font-size is-layout-flex wp-block-buttons-is-layout-flex\">\n<div class=\"wp-block-button is-style-outline is-style-outline--1\"><a class=\"wp-block-button__link has-vivid-purple-background-color has-background wp-element-button\" href=\"https:\/\/editions-croquant.org\/revue-salariat\/841-revue-salariat-n-1.html\" target=\"_blank\" rel=\"noreferrer noopener\">Commander<\/a><\/div>\n\n\n\n<div class=\"wp-block-button is-style-outline is-style-outline--2\"><a class=\"wp-block-button__link has-vivid-purple-background-color has-background wp-element-button\" href=\"https:\/\/www.cairn.info\/revue-salariat-2022-1.htm\" target=\"_blank\" rel=\"noreferrer noopener\">Lire sur Cairn<\/a><\/div>\n<\/div>\n\n\n\n<h2 class=\"wp-block-heading has-text-color\" style=\"color:#906d9e;font-size:24px;text-transform:uppercase\">Introduction<\/h2>\n\n\n\n<p><strong><a href=\"https:\/\/www.revue-salariat.fr\/index.php\/2024\/06\/04\/introduction-du-n1-paru-en-novembre-2022\/\">Pourquoi la revue Salariat ?<\/a><\/strong><br><em>par Nicolas Castel, Mathieu Gr\u00e9goire, Jean-Pascal Higel\u00e9, Maud Simonet<\/em><br><em><a href=\"https:\/\/www.revue-salariat.fr\/index.php\/pourquoi-la-revue-salariat\/\" data-type=\"page\" data-id=\"1354\">en ligne<\/a><\/em><\/p>\n\n\n\n<h2 class=\"wp-block-heading has-text-color\" style=\"color:#906d9e;font-size:24px;text-transform:uppercase\">Notes et Analyses<\/h2>\n\n\n\n<div style=\"height:0px\" aria-hidden=\"true\" class=\"wp-block-spacer\"><\/div>\n\n\n\n<p><a rel=\"noreferrer noopener\" href=\"http:\/\/www.revue-salariat.fr\/index.php\/2020\/07\/02\/crise-sanitaire-et-salariat-ce-que-le-confinement-revele-des-formes-dinstitution-du-travail\/\" target=\"_blank\"><strong>Crise sanitaire et salariat. Ce que le confinement r\u00e9v\u00e8le des formes d\u2019institution du travail<\/strong><\/a><br><em>par Jean-Pascal Higel\u00e9 <\/em><br><a href=\"http:\/\/www.revue-salariat.fr\/index.php\/2020\/07\/02\/crise-sanitaire-et-salariat-ce-que-le-confinement-revele-des-formes-dinstitution-du-travail\/\" data-type=\"URL\" data-id=\"http:\/\/www.revue-salariat.fr\/index.php\/2020\/07\/02\/crise-sanitaire-et-salariat-ce-que-le-confinement-revele-des-formes-dinstitution-du-travail\/\">en ligne<\/a><\/p>\n\n\n\n<div class=\"wp-block-group\"><div class=\"wp-block-group__inner-container is-layout-flow wp-block-group-is-layout-flow\">\n<p><strong>Faire de la qualification un droit politique de la personne majeure<\/strong><br><em>par Bernard Friot<\/em><\/p>\n\n\n\n<p><strong><a href=\"http:\/\/www.revue-salariat.fr\/index.php\/2022\/07\/11\/la-bataille-des-statuts-les-dessous-de-la-loi-europeenne-pour-les-travailleurs-de-plateforme\/\">La bataille des statuts. Les dessous de la loi europ\u00e9enne pour les travailleurs de plateforme<\/a><\/strong><br><em>par Anne Dufresne<\/em><br><a href=\"http:\/\/www.revue-salariat.fr\/index.php\/2022\/07\/11\/la-bataille-des-statuts-les-dessous-de-la-loi-europeenne-pour-les-travailleurs-de-plateforme\/\">en ligne<\/a><\/p>\n<\/div><\/div>\n\n\n\n<p><strong><a href=\"http:\/\/www.revue-salariat.fr\/index.php\/2022\/11\/10\/wages-for\/\" data-type=\"URL\" data-id=\"http:\/\/www.revue-salariat.fr\/index.php\/2022\/11\/10\/wages-for\/\">Une approche f\u00e9ministe du salaire<\/a><\/strong><br><em>par Maud Simonet<\/em><br><a href=\"http:\/\/www.revue-salariat.fr\/index.php\/2022\/11\/10\/wages-for\/\" data-type=\"URL\" data-id=\"http:\/\/www.revue-salariat.fr\/index.php\/2022\/11\/10\/wages-for\/\">en ligne<\/a><\/p>\n\n\n\n<h2 class=\"wp-block-heading has-text-color\" style=\"color:#906d9e;font-size:24px;text-transform:uppercase\">Lecture et d\u00e9bats<\/h2>\n\n\n\n<p><strong><a href=\"http:\/\/www.revue-salariat.fr\/index.php\/2021\/02\/02\/la-desintegration-par-le-travail-a-propos-de-robledo-de-daniele-zito\/\" target=\"_blank\" rel=\"noreferrer noopener\">La d\u00e9sint\u00e9gration par le travail : \u00e0 propos de Robledo<\/a><\/strong><br><em>par Karel Yon<\/em><br><a href=\"http:\/\/www.revue-salariat.fr\/index.php\/2021\/02\/02\/la-desintegration-par-le-travail-a-propos-de-robledo-de-daniele-zito\/\" target=\"_blank\" rel=\"noreferrer noopener\">en ligne<\/a><\/p>\n\n\n\n<p><strong>L\u2019activation des ch\u00f4meurs en Allemagne (Bettina Grimmer)<\/strong><br><em>traduction et commentaires d\u2019Hadrien Clouet<\/em><\/p>\n\n\n\n<p><strong><a href=\"http:\/\/www.revue-salariat.fr\/index.php\/2024\/06\/04\/droit-a-lemploi-et-droits-salariaux-note-critique-sur-le-debat-autour-de-la-garantie-demploi\/\">Sur la \u00ab\u00a0garantie d&#8217;emploi\u00a0\u00bb<\/a><\/strong><br><em>par Jean-Pascal Higel\u00e9<\/em><br><a href=\"http:\/\/www.revue-salariat.fr\/index.php\/2024\/06\/04\/droit-a-lemploi-et-droits-salariaux-note-critique-sur-le-debat-autour-de-la-garantie-demploi\/\">en ligne<\/a><\/p>\n\n\n\n<h2 class=\"wp-block-heading has-text-color\" style=\"color:#906d9e;font-size:24px;text-transform:uppercase\">Arr\u00eats sur image<\/h2>\n\n\n\n<p><strong><a href=\"http:\/\/www.revue-salariat.fr\/index.php\/2021\/03\/26\/lemploi-une-cause-patronale\/\" data-type=\"URL\" data-id=\"http:\/\/www.revue-salariat.fr\/index.php\/2021\/03\/26\/lemploi-une-cause-patronale\/\">L\u2019emploi, une cause patronale <\/a><\/strong><br><em>par Mathieu Gr\u00e9goire<\/em><br><a href=\"http:\/\/www.revue-salariat.fr\/index.php\/2021\/03\/26\/lemploi-une-cause-patronale\/\">en ligne<\/a><\/p>\n\n\n\n<p><strong>Service civique et employabilit\u00e9 des jeunes<\/strong> <br><em>par<\/em> <em>Florence Ihaddadene<\/em><\/p>\n\n\n\n<p><a href=\"http:\/\/www.revue-salariat.fr\/index.php\/2021\/03\/26\/aux-masques-citoyennes-melange-des-genres-productifs-en-regime-d-exception\/\"><strong>Aux masques citoyennes ! M\u00e9lange des genres productifs en r\u00e9gime d\u2019\u00ab exception \u00bb<\/strong><\/a><br><em>par Fanny Gallot, Giulia Mensitieri, Eve Meuret-Campfort et Maud Simonet<\/em><br><a href=\"http:\/\/www.revue-salariat.fr\/index.php\/2021\/03\/26\/aux-masques-citoyennes-melange-des-genres-productifs-en-regime-d-exception\/\">en ligne<\/a><\/p>\n\n\n\n<h2 class=\"wp-block-heading has-text-color\" style=\"color:#906d9e;font-size:24px;text-transform:uppercase\">BRUT<\/h2>\n\n\n\n<p><strong>L\u2019alliance internationale des livreurs \u00e0 v\u00e9lo <\/strong><br><em>par Anne Dufresne<\/em><br><br><\/p>\n\n\n\n<p><\/p>\n\n\n\n<h2 class=\"wp-block-heading\"><\/h2>\n\n\n\n<h2 class=\"wp-block-heading\"><\/h2>\n\n\n\n<h1 class=\"wp-block-heading\"><\/h1>\n","protected":false},"excerpt":{"rendered":"<p>Introduction Pourquoi la revue Salariat ?par Nicolas Castel, Mathieu Gr\u00e9goire, Jean-Pascal Higel\u00e9, Maud Simoneten ligne Notes et Analyses Crise sanitaire et salariat. Ce que le confinement r\u00e9v\u00e8le des formes d\u2019institution du travailpar Jean-Pascal Higel\u00e9 en ligne Faire de la qualification un droit politique de la personne majeurepar Bernard Friot La bataille des statuts. Les dessous &hellip; <\/p>\n<p class=\"link-more\"><a href=\"https:\/\/www.revue-salariat.fr\/index.php\/revue-salariat-2021\/\" class=\"more-link\">Continuer la lecture<span class=\"screen-reader-text\"> de &laquo;&nbsp;Revue Salariat n\u00b01 &#8211; 2022&nbsp;&raquo;<\/span><\/a><\/p>\n","protected":false},"author":1,"featured_media":0,"parent":0,"menu_order":0,"comment_status":"closed","ping_status":"closed","template":"","meta":{"footnotes":""},"class_list":["post-179","page","type-page","status-publish","hentry"],"_links":{"self":[{"href":"https:\/\/www.revue-salariat.fr\/index.php\/wp-json\/wp\/v2\/pages\/179","targetHints":{"allow":["GET"]}}],"collection":[{"href":"https:\/\/www.revue-salariat.fr\/index.php\/wp-json\/wp\/v2\/pages"}],"about":[{"href":"https:\/\/www.revue-salariat.fr\/index.php\/wp-json\/wp\/v2\/types\/page"}],"author":[{"embeddable":true,"href":"https:\/\/www.revue-salariat.fr\/index.php\/wp-json\/wp\/v2\/users\/1"}],"replies":[{"embeddable":true,"href":"https:\/\/www.revue-salariat.fr\/index.php\/wp-json\/wp\/v2\/comments?post=179"}],"version-history":[{"count":27,"href":"https:\/\/www.revue-salariat.fr\/index.php\/wp-json\/wp\/v2\/pages\/179\/revisions"}],"predecessor-version":[{"id":1494,"href":"https:\/\/www.revue-salariat.fr\/index.php\/wp-json\/wp\/v2\/pages\/179\/revisions\/1494"}],"wp:attachment":[{"href":"https:\/\/www.revue-salariat.fr\/index.php\/wp-json\/wp\/v2\/media?parent=179"}],"curies":[{"name":"wp","href":"https:\/\/api.w.org\/{rel}","templated":true}]}}